{"id":166,"date":"2023-03-28T18:22:02","date_gmt":"2023-03-28T18:22:02","guid":{"rendered":"https:\/\/frojdstoolbox.se\/?page_id=166"},"modified":"2023-04-27T19:10:57","modified_gmt":"2023-04-27T19:10:57","slug":"hattie-mitchell","status":"publish","type":"page","link":"https:\/\/frojdstoolbox.se\/?page_id=166","title":{"rendered":""},"content":{"rendered":"\n<div id=\"wp-block-themeisle-blocks-advanced-columns-d87d87fb\" class=\"wp-block-themeisle-blocks-advanced-columns alignfull has-1-columns has-desktop-equal-layout has-tablet-equal-layout has-mobile-collapsedRows-layout has-vertical-center ticss-c00aadba\"><div class=\"wp-block-themeisle-blocks-advanced-columns-overlay\"><\/div><div class=\"innerblocks-wrap\">\n<div id=\"wp-block-themeisle-blocks-advanced-column-60dad16e\" class=\"wp-block-themeisle-blocks-advanced-column\">\n<div id=\"wp-block-themeisle-blocks-advanced-columns-be71e345\" class=\"wp-block-themeisle-blocks-advanced-columns has-2-columns has-desktop-equal-layout has-tablet-twoColumnGrid-layout has-mobile-collapsedRows-layout has-vertical-top\"><div class=\"wp-block-themeisle-blocks-advanced-columns-overlay\"><\/div><div class=\"innerblocks-wrap\">\n<div id=\"wp-block-themeisle-blocks-advanced-column-e373838a\" class=\"wp-block-themeisle-blocks-advanced-column\">\n<figure class=\"wp-block-image aligncenter size-full is-style-rounded\"><img loading=\"lazy\" decoding=\"async\" width=\"586\" height=\"586\" src=\"https:\/\/frojdstoolbox.se\/wp-content\/uploads\/2023\/03\/john-hattie-portrait-web__ScaleMaxWidthWzYwMF0-edited.jpg\" alt=\"\" class=\"wp-image-171\" srcset=\"https:\/\/frojdstoolbox.se\/wp-content\/uploads\/2023\/03\/john-hattie-portrait-web__ScaleMaxWidthWzYwMF0-edited.jpg 586w, https:\/\/frojdstoolbox.se\/wp-content\/uploads\/2023\/03\/john-hattie-portrait-web__ScaleMaxWidthWzYwMF0-edited-300x300.jpg 300w, https:\/\/frojdstoolbox.se\/wp-content\/uploads\/2023\/03\/john-hattie-portrait-web__ScaleMaxWidthWzYwMF0-edited-150x150.jpg 150w\" sizes=\"auto, (max-width: 586px) 100vw, 586px\" \/><\/figure>\n\n\n\n<h3 id=\"wp-block-themeisle-blocks-advanced-heading-a0f377e3\" class=\"wp-block-themeisle-blocks-advanced-heading wp-block-themeisle-blocks-advanced-heading-a0f377e3\">John Hattie<\/h3>\n<\/div>\n\n\n\n<div id=\"wp-block-themeisle-blocks-advanced-column-e56677b8\" class=\"wp-block-themeisle-blocks-advanced-column\">\n<figure class=\"wp-block-image aligncenter size-full is-resized is-style-rounded\"><img loading=\"lazy\" decoding=\"async\" src=\"https:\/\/frojdstoolbox.se\/wp-content\/uploads\/2023\/02\/David-Mitchell-copy-e1681835264433.jpg\" alt=\"\" class=\"wp-image-77\" width=\"532\" height=\"532\" srcset=\"https:\/\/frojdstoolbox.se\/wp-content\/uploads\/2023\/02\/David-Mitchell-copy-e1681835264433.jpg 324w, https:\/\/frojdstoolbox.se\/wp-content\/uploads\/2023\/02\/David-Mitchell-copy-e1681835264433-300x300.jpg 300w, https:\/\/frojdstoolbox.se\/wp-content\/uploads\/2023\/02\/David-Mitchell-copy-e1681835264433-150x150.jpg 150w\" sizes=\"auto, (max-width: 532px) 100vw, 532px\" \/><\/figure>\n\n\n\n<h3 id=\"wp-block-themeisle-blocks-advanced-heading-09ed9f90\" class=\"wp-block-themeisle-blocks-advanced-heading wp-block-themeisle-blocks-advanced-heading-09ed9f90\">David Mitchell<\/h3>\n<\/div>\n<\/div><\/div>\n<\/div>\n<\/div><\/div>\n\n\n\n<p>&#8221;Jag har vigt mitt liv \u00e5t att p\u00e5 olika s\u00e4tt bidra till inkludering, och inom skolan med hj\u00e4lp av evidensbaserade l\u00e4rstrategier. D\u00e4rf\u00f6r \u00e4r det verkligen en f\u00f6rm\u00e5n att f\u00e5 ha en samtalsserie med professorerna John Hattie och David Mitchell. Jag k\u00e4nner mig som ett barn p\u00e5 Julafton, bara det att Julafton kommer flera g\u00e5nger samma \u00e5r&#8221;. &#8211; Kennet<\/p>\n\n\n\n<p><br><strong>Professor David Mitchell<\/strong>: Det \u00e4r nog ingen \u00f6verdrift att kalla professor Mitchell&nbsp;v\u00e4rldsledande n\u00e4r det g\u00e4ller inkludering i skolan och forskning kring densamma. Det finns m\u00e5nga mycket kompetenta personer p\u00e5 omr\u00e5det runtom i v\u00e4rlden, men professor Mitchell har haft och har stor betydelse f\u00f6r omr\u00e5det. Han \u00e4r baserad vid University of Canterbury, Christchurch, Nya Zeeland.<\/p>\n\n\n\n<p><strong>Professor John Hattie:<\/strong>&nbsp;Professor Hattie \u00e4r ju en av v\u00e4rldens mest k\u00e4nda skolforskare alla kategorier. Mest k\u00e4nd \u00e4r han kanske f\u00f6r sin stora sammanst\u00e4llning av metaanalyser d\u00e4r han synligg\u00f6r bl.a. i vilken grad olika strategier och undervisningss\u00e4tt p\u00e5verkar elevernas studieresultat. Men han \u00e4r likaledes k\u00e4nd f\u00f6r sitt arbete med&nbsp;<em>Visible Learning<\/em>&nbsp;d\u00e4r han bl.a. skrivit ett flertal b\u00f6cker. Han \u00e4r baserad vid University of Christchurch, Australien.<\/p>\n\n\n\n<p><br>Medan professor Mitchell kan s\u00e4gas vara nischad mot inkludering i skolan kan professor Hattie s\u00e4gas vara nischad mot evidensbaserade l\u00e4rstrategier. Man kan ju ocks\u00e5 se det som tv\u00e5 sidor av samma mynt, som \u00e4r beroende av varandra. Inkludering som filosofi &#8211; d\u00e4r varenda elev \u00e4r medr\u00e4knad och i ett meningsfullt sammanhang &#8211; kr\u00e4ver&nbsp;ju olika evidensbaserade l\u00e4rstrategier&nbsp;f\u00f6r att kunna bli en realitet.<\/p>\n\n\n\n<p><br>Hattie och Mitchell \u00e4r helt enkelt tv\u00e5 oerh\u00f6rt kompetenta och erfarna professorer, som det \u00e4r n\u00e4rmast sv\u00e5rt att samtala med utan att det blir dynamiskt och intressant. H\u00e4r f\u00f6ljer en samtalsserie med dem d\u00e4r det kommer ett nytt avsnitt ibland. Det kommer alltid ha koppling inkludering och evidensbaserat l\u00e4rande, men i \u00f6vrigt vet man aldrig i f\u00f6rv\u00e4g n\u00e4r det kommer och vad som blir samtalets fokus.<\/p>\n\n\n\n<h2 class=\"wp-block-heading\"><strong>Del 1 i samtalsserie med John Hattie &amp; David Mitchell: Inkludering som filosofi<\/strong><\/h2>\n\n\n\n<figure class=\"wp-block-embed is-type-video is-provider-youtube wp-block-embed-youtube wp-embed-aspect-16-9 wp-has-aspect-ratio\"><div class=\"wp-block-embed__wrapper\">\n<iframe loading=\"lazy\"  id=\"_ytid_74461\"  width=\"800\" height=\"450\"  data-origwidth=\"800\" data-origheight=\"450\" src=\"https:\/\/www.youtube.com\/embed\/ilaanvi4eT4?enablejsapi=1&#038;autoplay=0&#038;cc_load_policy=0&#038;cc_lang_pref=&#038;iv_load_policy=1&#038;loop=0&#038;rel=1&#038;fs=1&#038;playsinline=0&#038;autohide=2&#038;theme=dark&#038;color=red&#038;controls=1&#038;disablekb=0&#038;\" class=\"__youtube_prefs__  epyt-is-override  no-lazyload\" title=\"YouTube player\"  allow=\"fullscreen; accelerometer; autoplay; clipboard-write; encrypted-media; gyroscope; picture-in-picture; web-share\" referrerpolicy=\"strict-origin-when-cross-origin\" allowfullscreen data-no-lazy=\"1\" data-skipgform_ajax_framebjll=\"\"><\/iframe>\n<\/div><\/figure>\n\n\n\n<h2 class=\"wp-block-heading\"><strong>Del 2 i samtalsserie med John Hattie &amp; David <\/strong>Mitchell: Inkludering som filosofi och UDL &#8211; ett s\u00e4tt att t\u00e4nka.<\/h2>\n\n\n\n<figure class=\"wp-block-embed is-type-video is-provider-youtube wp-block-embed-youtube wp-embed-aspect-16-9 wp-has-aspect-ratio\"><div class=\"wp-block-embed__wrapper\">\n<iframe loading=\"lazy\"  id=\"_ytid_14063\"  width=\"800\" height=\"450\"  data-origwidth=\"800\" data-origheight=\"450\" src=\"https:\/\/www.youtube.com\/embed\/Mm_u1CJRMgU?enablejsapi=1&#038;autoplay=0&#038;cc_load_policy=0&#038;cc_lang_pref=&#038;iv_load_policy=1&#038;loop=0&#038;rel=1&#038;fs=1&#038;playsinline=0&#038;autohide=2&#038;theme=dark&#038;color=red&#038;controls=1&#038;disablekb=0&#038;\" class=\"__youtube_prefs__  epyt-is-override  no-lazyload\" title=\"YouTube player\"  allow=\"fullscreen; accelerometer; autoplay; clipboard-write; encrypted-media; gyroscope; picture-in-picture; web-share\" referrerpolicy=\"strict-origin-when-cross-origin\" allowfullscreen data-no-lazy=\"1\" data-skipgform_ajax_framebjll=\"\"><\/iframe>\n<\/div><\/figure>\n","protected":false},"excerpt":{"rendered":"<p>&#8221;Jag har vigt mitt liv \u00e5t att p\u00e5 olika s\u00e4tt bidra till inkludering, och inom skolan med hj\u00e4lp av evidensbaserade l\u00e4rstrategier. D\u00e4rf\u00f6r \u00e4r det verkligen en f\u00f6rm\u00e5n att f\u00e5 ha en samtalsserie med professorerna John Hattie och David Mitchell. Jag k\u00e4nner mig som ett barn p\u00e5 Julafton, bara det att Julafton kommer flera g\u00e5nger samma [&hellip;]<\/p>\n","protected":false},"author":1,"featured_media":0,"parent":0,"menu_order":0,"comment_status":"closed","ping_status":"closed","template":"","meta":{"om_disable_all_campaigns":false,"_monsterinsights_skip_tracking":false,"_monsterinsights_sitenote_active":false,"_monsterinsights_sitenote_note":"","_monsterinsights_sitenote_category":0,"_themeisle_gutenberg_block_has_review":false,"footnotes":""},"class_list":["post-166","page","type-page","status-publish","hentry"],"aioseo_notices":[],"_links":{"self":[{"href":"https:\/\/frojdstoolbox.se\/index.php?rest_route=\/wp\/v2\/pages\/166","targetHints":{"allow":["GET"]}}],"collection":[{"href":"https:\/\/frojdstoolbox.se\/index.php?rest_route=\/wp\/v2\/pages"}],"about":[{"href":"https:\/\/frojdstoolbox.se\/index.php?rest_route=\/wp\/v2\/types\/page"}],"author":[{"embeddable":true,"href":"https:\/\/frojdstoolbox.se\/index.php?rest_route=\/wp\/v2\/users\/1"}],"replies":[{"embeddable":true,"href":"https:\/\/frojdstoolbox.se\/index.php?rest_route=%2Fwp%2Fv2%2Fcomments&post=166"}],"version-history":[{"count":12,"href":"https:\/\/frojdstoolbox.se\/index.php?rest_route=\/wp\/v2\/pages\/166\/revisions"}],"predecessor-version":[{"id":257,"href":"https:\/\/frojdstoolbox.se\/index.php?rest_route=\/wp\/v2\/pages\/166\/revisions\/257"}],"wp:attachment":[{"href":"https:\/\/frojdstoolbox.se\/index.php?rest_route=%2Fwp%2Fv2%2Fmedia&parent=166"}],"curies":[{"name":"wp","href":"https:\/\/api.w.org\/{rel}","templated":true}]}}